{"id":205,"date":"2018-06-28T16:38:16","date_gmt":"2018-06-28T14:38:16","guid":{"rendered":"https:\/\/leriredelarcenciel.com\/wordpress\/?page_id=205"},"modified":"2018-07-14T21:08:14","modified_gmt":"2018-07-14T19:08:14","slug":"contact","status":"publish","type":"page","link":"https:\/\/leriredelarcenciel.com\/wordpress\/contact\/","title":{"rendered":"Confidentialit\u00e9"},"content":{"rendered":"<p>Confidentialit\u00e9 respectant le R\u00e8glement G\u00e9n\u00e9ral de Protection des Donn\u00e9es de l&rsquo;Union Europ\u00e9enne<\/p>\n<p><strong>1. Collecte de l\u2019information<\/strong><\/p>\n<p>Je recueille des informations lorsque vous vous inscrivez sur ma boutique, lorsque vous vous connectez \u00e0 votre compte, r\u00e9digez un message, effectuez un achat, laissez un avis et\/ou lorsque vous vous d\u00e9connectez. Les informations recueillies incluent votre nom et votre adresse e-mail.En outre, ma boutique re\u00e7oit et enregistre automatiquement des informations anonymis\u00e9es \u00e0 partir de votre ordinateur et navigateur, tels que la page et\/ou l&rsquo;article que vous consultez.<\/p>\n<p>&nbsp;<\/p>\n<p><strong>2. Utilisation des informations<br \/>\n<\/strong>Toute les informations que je recueille aupr\u00e8s de vous peuvent \u00eatre utilis\u00e9es pour :<\/p>\n<ul>\n<li>Am\u00e9liorer ma boutique en prenant connaissance des pages qui vous plaisent le plus<\/li>\n<li>G\u00e9rer vos commandes<\/li>\n<li>R\u00e9pondre \u00e0 vos messages par e-mail<\/li>\n<\/ul>\n<p>&nbsp;<\/p>\n<p><strong>3. Confidentialit\u00e9 de vos informations<br \/>\n<\/strong>Je suis la seule propri\u00e9taire des informations recueillies sur cette boutique. Vos informations personnelles ne seront pas vendues, \u00e9chang\u00e9es, transf\u00e9r\u00e9es, ou donn\u00e9es \u00e0 une autre soci\u00e9t\u00e9 pour n\u2019importe quelle raison, sans votre consentement.<\/p>\n<p>&nbsp;<\/p>\n<p><strong>4. Divulgation \u00e0 des tiers<br \/>\n<\/strong>Je ne vends pas, n\u2019\u00e9change pas et ne transf\u00e8re pas vos informations personnelles identifiables \u00e0 des tiers. Cela ne comprend pas les tierces parties de confiance qui m&rsquo;aident \u00e0 exploiter ma boutique, tant que ces parties conviennent de garder ces informations confidentielles.Je pense qu\u2019il est n\u00e9cessaire de partager des informations afin d\u2019enqu\u00eater, de pr\u00e9venir ou de prendre des mesures concernant des activit\u00e9s ill\u00e9gales, fraudes pr\u00e9sum\u00e9es, situations impliquant des menaces potentielles \u00e0 la s\u00e9curit\u00e9 physique de toute personne, violations de mes conditions d\u2019utilisation, ou quand la loi m&rsquo;y contraint.Les informations non-priv\u00e9es, cependant, peuvent \u00eatre fournies \u00e0 d\u2019autres parties pour le suivi de la fr\u00e9quentation de ma boutique.<\/p>\n<p>&nbsp;<\/p>\n<p><strong>5. Protection des informations<br \/>\n<\/strong>Les ordinateurs et serveurs utilis\u00e9s pour stocker des informations personnelles identifiables sont conserv\u00e9s dans un environnement s\u00e9curis\u00e9.<strong>Est-ce que nous utilisons des cookies ?<\/strong>Oui. Les cookies am\u00e9liorent l\u2019acc\u00e8s \u00e0 ma boutique et identifient les visiteurs r\u00e9guliers. En outre, les cookies am\u00e9liorent l\u2019exp\u00e9rience d\u2019utilisateur. Cependant, cette utilisation des cookies n\u2019est en aucune fa\u00e7on li\u00e9e \u00e0 des informations personnelles identifiables sur ma boutique.<\/p>\n<p>&nbsp;<\/p>\n<p><strong>6. Se d\u00e9sabonner<br \/>\n<\/strong>Si vous \u00eates client-e-s, j&rsquo;utilise l\u2019adresse e-mail que vous fournissez pour vous envoyer votre commande. Si \u00e0 n\u2019importe quel moment vous souhaitez supprimer votre compte, vous pouvez m&rsquo;en faire la demande par le formulaire de contact ci-dessus.<\/p>\n<p>&nbsp;<\/p>\n<p><strong>7. Consentement<\/strong><br \/>\nEn utilisant ma boutique, vous consentez \u00e0 cette politique de confidentialit\u00e9.<\/p>\n","protected":false},"excerpt":{"rendered":"<p>Confidentialit\u00e9 respectant le R\u00e8glement G\u00e9n\u00e9ral de Protection des Donn\u00e9es de l&rsquo;Union Europ\u00e9enne 1. Collecte de l\u2019information Je recueille des informations lorsque vous vous inscrivez sur ma boutique, lorsque vous vous connectez \u00e0 votre compte, r\u00e9digez un message, effectuez un achat, laissez un avis et\/ou lorsque vous vous d\u00e9connectez. Les informations recueillies incluent votre nom et [&hellip;]<\/p>\n","protected":false},"author":1,"featured_media":0,"parent":0,"menu_order":6,"comment_status":"closed","ping_status":"closed","template":"","meta":{"jetpack_post_was_ever_published":false,"footnotes":""},"class_list":["post-205","page","type-page","status-publish","hentry"],"jetpack_sharing_enabled":true,"jetpack_shortlink":"https:\/\/wp.me\/P9KqoC-3j","_links":{"self":[{"href":"https:\/\/leriredelarcenciel.com\/wordpress\/wp-json\/wp\/v2\/pages\/205","targetHints":{"allow":["GET"]}}],"collection":[{"href":"https:\/\/leriredelarcenciel.com\/wordpress\/wp-json\/wp\/v2\/pages"}],"about":[{"href":"https:\/\/leriredelarcenciel.com\/wordpress\/wp-json\/wp\/v2\/types\/page"}],"author":[{"embeddable":true,"href":"https:\/\/leriredelarcenciel.com\/wordpress\/wp-json\/wp\/v2\/users\/1"}],"replies":[{"embeddable":true,"href":"https:\/\/leriredelarcenciel.com\/wordpress\/wp-json\/wp\/v2\/comments?post=205"}],"version-history":[{"count":6,"href":"https:\/\/leriredelarcenciel.com\/wordpress\/wp-json\/wp\/v2\/pages\/205\/revisions"}],"predecessor-version":[{"id":381,"href":"https:\/\/leriredelarcenciel.com\/wordpress\/wp-json\/wp\/v2\/pages\/205\/revisions\/381"}],"wp:attachment":[{"href":"https:\/\/leriredelarcenciel.com\/wordpress\/wp-json\/wp\/v2\/media?parent=205"}],"curies":[{"name":"wp","href":"https:\/\/api.w.org\/{rel}","templated":true}]}}